{"id":91,"date":"2023-11-06T18:16:44","date_gmt":"2023-11-06T18:16:44","guid":{"rendered":"https:\/\/style.hr\/?page_id=91"},"modified":"2023-11-16T07:51:10","modified_gmt":"2023-11-16T07:51:10","slug":"trajna-depilacija-osijek","status":"publish","type":"page","link":"https:\/\/style.hr\/hr_HR\/ipl-tretmani\/trajna-depilacija-osijek\/","title":{"rendered":"Trajna depilacija &#8211; Fotoepilacija"},"content":{"rendered":"<p>[et_pb_section fb_built=&#8221;1&#8243; admin_label=&#8221;Header&#8221; _builder_version=&#8221;4.23.1&#8243; _module_preset=&#8221;default&#8221; background_color=&#8221;#30405D&#8221; background_image=&#8221;https:\/\/style.hr\/wp-content\/uploads\/2023\/11\/style_IPL_03.jpg&#8221; background_blend=&#8221;multiply&#8221; collapsed=&#8221;on&#8221; global_colors_info=&#8221;{}&#8221;][et_pb_row column_structure=&#8221;1_2,1_2&#8243; _builder_version=&#8221;4.23.1&#8243; _module_preset=&#8221;default&#8221; global_colors_info=&#8221;{}&#8221;][et_pb_column type=&#8221;1_2&#8243; _builder_version=&#8221;4.19.5&#8243; _module_preset=&#8221;default&#8221; global_colors_info=&#8221;{}&#8221;][et_pb_text content_tablet=&#8221;<\/p>\n<h1>Trajna depilacija &#8211; Fotoepilacija<\/h1>\n<p>&#8221; content_phone=&#8221;<\/p>\n<h1>Trajna depilacija &#8211; Fotoepilacija<\/h1>\n<p>&#8221; content_last_edited=&#8221;on|phone&#8221; _builder_version=&#8221;4.23.1&#8243; _module_preset=&#8221;e6d17fc5-b248-4683-a15d-18ef7d1bea72&#8243; locked=&#8221;off&#8221; global_colors_info=&#8221;{}&#8221;]<\/p>\n<h1>Trajna depilacija &#8211; Fotoepilacija<\/h1>\n<p>[\/et_pb_text][et_pb_text _builder_version=&#8221;4.23&#8243; _module_preset=&#8221;7618a5cc-f982-44a8-8e20-03b08e6219aa&#8221; text_text_color=&#8221;#FFFFFF&#8221; custom_padding=&#8221;0px|||||&#8221; global_colors_info=&#8221;{}&#8221;]<\/p>\n<p>Trajna depilacija fotoepilacija tj. trajno uklanjanje dla\u010dica radi se najnovijim IPL aparatom Yperion OrLight. Uz pomo\u0107 aplikatora s intenzivnim pulsnim svjetlom u nekoliko minuta, gotovo bezbolno, dubinski i trajno uklanjamo dla\u010dice na svim dijelovima tijela, \u017eenama i mu\u0161karcima.<\/p>\n<p>[\/et_pb_text][et_pb_button button_url=&#8221;\/hr_HR\/style-kozmeticki-salon-osijek\/kontakt-podaci\/#kontaktobrazac&#8221; url_new_window=&#8221;on&#8221; button_text=&#8221;Dogovorite termin za fotoepilaciju u Osijeku&#8221; _builder_version=&#8221;4.23.1&#8243; _module_preset=&#8221;d463cad2-ce0e-4d34-b80f-9135bad8de04&#8243; global_colors_info=&#8221;{}&#8221;][\/et_pb_button][\/et_pb_column][et_pb_column type=&#8221;1_2&#8243; _builder_version=&#8221;4.19.5&#8243; _module_preset=&#8221;default&#8221; global_colors_info=&#8221;{}&#8221;][et_pb_image src=&#8221;https:\/\/style.hr\/wp-content\/uploads\/2023\/11\/style_IPL_03.jpg&#8221; alt=&#8221;IPL epilacija \/ trajna depilacija u kozmeti\u010dkom salonu Style u Osijeku&#8221; title_text=&#8221;Style IPL epilacija Osijek&#8221; _builder_version=&#8221;4.23.1&#8243; _module_preset=&#8221;default&#8221; background_enable_image=&#8221;off&#8221; custom_margin=&#8221;||0px||false|false&#8221; animation_style=&#8221;flip&#8221; border_style_all=&#8221;none&#8221; box_shadow_style=&#8221;preset6&#8243; box_shadow_color=&#8221;RGBA(0,0,0,0.3)&#8221; global_colors_info=&#8221;{}&#8221;][\/et_pb_image][\/et_pb_column][\/et_pb_row][\/et_pb_section][et_pb_section fb_built=&#8221;1&#8243; admin_label=&#8221;Features&#8221; _builder_version=&#8221;4.23&#8243; _module_preset=&#8221;default&#8221; background_enable_color=&#8221;off&#8221; background_image=&#8221;https:\/\/style.hr\/wp-content\/uploads\/2023\/11\/background.jpg&#8221; background_size=&#8221;initial&#8221; background_repeat=&#8221;repeat&#8221; custom_padding=&#8221;||0px||false|false&#8221; collapsed=&#8221;on&#8221; global_colors_info=&#8221;{%22gcid-9464c34f-f9ff-43eb-9668-c958662e33fc%22:%91%22background_color%22%93}&#8221;][et_pb_row _builder_version=&#8221;4.23&#8243; _module_preset=&#8221;default&#8221; background_image=&#8221;https:\/\/style.hr\/wp-content\/uploads\/2023\/11\/1x1_transparent_90.png&#8221; custom_margin=&#8221;||||false|false&#8221; custom_padding=&#8221;20px|20px|20px|20px|true|true&#8221; global_colors_info=&#8221;{}&#8221;][et_pb_column type=&#8221;4_4&#8243; _builder_version=&#8221;4.19.5&#8243; _module_preset=&#8221;default&#8221; global_colors_info=&#8221;{}&#8221;][et_pb_text _builder_version=&#8221;4.23.1&#8243; _module_preset=&#8221;7618a5cc-f982-44a8-8e20-03b08e6219aa&#8221; global_colors_info=&#8221;{}&#8221;]<\/p>\n<p>Za ovaj postupak upotrebljavamo svjetlosnu snagu da bi postigli uklanjanje tamnih dla\u010dica. Svjetlosno zra\u010denje selektivno upija pigment melanin u dlaci.<\/p>\n<h2>Postupak IPL tretmana trajne depilacije fotoepilacijom<\/h2>\n<p>Kod prvog dolaska kozmeti\u010darka \u0107e Vam pregledati ko\u017eu i tip dlake na tijelu, te odrediti osobni program trajne depilacije (fotoepilacije). Ujedno \u0107e Vam detaljno objasniti svaki stupanj tretmana. Dva tjedna prije tretmana ne smije se i\u0107i u solarij, tretirano podru\u010dje sun\u010dati niti dla\u010dice \u010dupati pincetom ili voskom.<\/p>\n<h2><\/h2>\n<h2>Rezultati s IPL tretmanom fotoepilacije<\/h2>\n<p>Ovisno o dijelu tijela 60-90% tamnih dla\u010dica na tretiranom podru\u010dju biti \u0107e uklonjeno na kraju ciklusa tretmana. Obzirom da radimo s vrhunskim aparataom i nakon dugogodi\u0161njeg iskustva mo\u017eemo garantirati odli\u010dne rezultate uklanjanja tamnih dla\u010dica. Na svijetle i sijede dla\u010dice tretman nema efekta jer je potreban melanin tj. crna boja u korijenu dla\u010dice koja \u0107e &#8220;privu\u0107i&#8221; pulsno svjetlo i na taj na\u010din &#8220;spaliti&#8221; korijen dla\u010dice.<\/p>\n<p>Prosje\u010dan ciklus trajnog uklanjanja dlaka sastoji se od 8-10 tretmana (ovisno o dijelu tijela i vrsti dlaka); ciklus u \u017eena je kra\u0107i, a u mu\u0161karaca du\u017ei. Tretmani se rade u razmacima od 4-5 tjedana. Vi\u0161e tretmana radi se iz jednostavnog razloga \u0161to je u trenutku tretmana , ovisno o dijelu tijela, samo 15-20% dla\u010dica u fazi rasta, a samo u toj fazi se mogu dla\u010dice uni\u0161titi. Svakih 4 tjedna u fazu rasta ulaze novin 15-20% dla\u010dica i tako ih nakon 8-10 tremana sve obuhvatimo. Kada bi sve dla\u010dice bile uvijek u fazi rasta, bio bi dovoljan samo jedan treman.<\/p>\n<h2>Sigurnost IPL tretmana<\/h2>\n<p>Trajna depilacija vr\u0161i se Yperion OrLight suvremenim aparatom koji radi na valnoj duljini 610-1000nm tj. samo u spekrtu djelovanja na melanin u dlaci. Tako ne djeluje na hemoglobin (podru\u010dje ispod 610nm) i vodu u tkivu (podru\u010dje iznad 1000nm). Tako\u0111er se ja\u010dina pulsa namje\u0161ta za svakog klijenta posebno, ovisno o boji ko\u017ee i debljini dla\u010dice.<\/p>\n<p>Stoga vam kod kod izbora tretmana prvi prioritet treba biti kvaliteta aparata i stru\u010dnost osobe koja radi tremane. Upravo tome smo se posebno posvetili kako bi vam osigurali kvalitetne rezultate, siguran tretman s ponajboljim aparatom na svijetu i stru\u010dno odra\u0111ivanje tretmana, a sve uz umjerene cijene.<\/p>\n<p>[\/et_pb_text][\/et_pb_column][\/et_pb_row][et_pb_row _builder_version=&#8221;4.23&#8243; _module_preset=&#8221;default&#8221; global_colors_info=&#8221;{}&#8221;][et_pb_column type=&#8221;4_4&#8243; _builder_version=&#8221;4.23&#8243; _module_preset=&#8221;default&#8221; global_colors_info=&#8221;{}&#8221;][et_pb_gallery gallery_ids=&#8221;81,205,204,195,582,584&#8243; posts_number=&#8221;100&#8243; show_title_and_caption=&#8221;off&#8221; show_pagination=&#8221;off&#8221; _builder_version=&#8221;4.23.1&#8243; _module_preset=&#8221;default&#8221; global_colors_info=&#8221;{}&#8221;][\/et_pb_gallery][\/et_pb_column][\/et_pb_row][\/et_pb_section]<\/p>\n","protected":false},"excerpt":{"rendered":"<p>Trajna depilacija tj. trajno uklanjanje dla\u010dica radi se najnovijim IPL aparatom Yperion OrLight. Tretman je pogodan za \u017eene i mu\u0161karce.<\/p>\n","protected":false},"author":1,"featured_media":195,"parent":69,"menu_order":0,"comment_status":"closed","ping_status":"closed","template":"","meta":{"_et_pb_use_builder":"on","_et_pb_old_content":"","_et_gb_content_width":"","om_disable_all_campaigns":false,"_monsterinsights_skip_tracking":false,"_monsterinsights_sitenote_active":false,"_monsterinsights_sitenote_note":"","_monsterinsights_sitenote_category":0,"_uf_show_specific_survey":0,"_uf_disable_surveys":false,"footnotes":""},"class_list":["post-91","page","type-page","status-publish","has-post-thumbnail","hentry"],"aioseo_notices":[],"yoast_head":"<!-- This site is optimized with the Yoast SEO plugin v27.5 - https:\/\/yoast.com\/product\/yoast-seo-wordpress\/ -->\n<title>Trajna depilacija fotoepilacija - Kozmeti\u010dki salon Style Osijek<\/title>\n<meta name=\"description\" content=\"Trajna depilacija tj. trajno uklanjanje dla\u010dica radi se najnovijim IPL aparatom Yperion OrLight. Tretman je pogodan za \u017eene i mu\u0161karce.\" \/>\n<meta name=\"robots\" content=\"index, follow, max-snippet:-1, max-image-preview:large, max-video-preview:-1\" \/>\n<link rel=\"canonical\" href=\"https:\/\/style.hr\/hr_HR\/ipl-tretmani\/trajna-depilacija-osijek\/\" \/>\n<meta property=\"og:locale\" content=\"hr_HR\" \/>\n<meta property=\"og:type\" content=\"article\" \/>\n<meta property=\"og:title\" content=\"Trajna depilacija fotoepilacija - Kozmeti\u010dki salon Style Osijek\" \/>\n<meta property=\"og:description\" content=\"Trajna depilacija tj. trajno uklanjanje dla\u010dica radi se najnovijim IPL aparatom Yperion OrLight. Tretman je pogodan za \u017eene i mu\u0161karce.\" \/>\n<meta property=\"og:url\" content=\"https:\/\/style.hr\/hr_HR\/ipl-tretmani\/trajna-depilacija-osijek\/\" \/>\n<meta property=\"og:site_name\" content=\"Kozmeti\u010dki salon Style Osijek\" \/>\n<meta property=\"article:modified_time\" content=\"2023-11-16T07:51:10+00:00\" \/>\n<meta property=\"og:image\" content=\"https:\/\/style.hr\/wp-content\/uploads\/2023\/11\/style_IPL_03.jpg\" \/>\n\t<meta property=\"og:image:width\" content=\"1200\" \/>\n\t<meta property=\"og:image:height\" content=\"800\" \/>\n\t<meta property=\"og:image:type\" content=\"image\/jpeg\" \/>\n<meta name=\"twitter:card\" content=\"summary_large_image\" \/>\n<meta name=\"twitter:label1\" content=\"Procijenjeno vrijeme \u010ditanja\" \/>\n\t<meta name=\"twitter:data1\" content=\"3 minute\" \/>\n<script type=\"application\/ld+json\" class=\"yoast-schema-graph\">{\"@context\":\"https:\\\/\\\/schema.org\",\"@graph\":[{\"@type\":\"WebPage\",\"@id\":\"https:\\\/\\\/style.hr\\\/hr_HR\\\/ipl-tretmani\\\/trajna-depilacija-osijek\\\/\",\"url\":\"https:\\\/\\\/style.hr\\\/hr_HR\\\/ipl-tretmani\\\/trajna-depilacija-osijek\\\/\",\"name\":\"Trajna depilacija fotoepilacija - Kozmeti\u010dki salon Style Osijek\",\"isPartOf\":{\"@id\":\"https:\\\/\\\/style.hr\\\/hr_HR\\\/#website\"},\"primaryImageOfPage\":{\"@id\":\"https:\\\/\\\/style.hr\\\/hr_HR\\\/ipl-tretmani\\\/trajna-depilacija-osijek\\\/#primaryimage\"},\"image\":{\"@id\":\"https:\\\/\\\/style.hr\\\/hr_HR\\\/ipl-tretmani\\\/trajna-depilacija-osijek\\\/#primaryimage\"},\"thumbnailUrl\":\"https:\\\/\\\/style.hr\\\/wp-content\\\/uploads\\\/2023\\\/11\\\/style_IPL_03.jpg\",\"datePublished\":\"2023-11-06T18:16:44+00:00\",\"dateModified\":\"2023-11-16T07:51:10+00:00\",\"description\":\"Trajna depilacija tj. trajno uklanjanje dla\u010dica radi se najnovijim IPL aparatom Yperion OrLight. Tretman je pogodan za \u017eene i mu\u0161karce.\",\"breadcrumb\":{\"@id\":\"https:\\\/\\\/style.hr\\\/hr_HR\\\/ipl-tretmani\\\/trajna-depilacija-osijek\\\/#breadcrumb\"},\"inLanguage\":\"hr\",\"potentialAction\":[{\"@type\":\"ReadAction\",\"target\":[\"https:\\\/\\\/style.hr\\\/hr_HR\\\/ipl-tretmani\\\/trajna-depilacija-osijek\\\/\"]}]},{\"@type\":\"ImageObject\",\"inLanguage\":\"hr\",\"@id\":\"https:\\\/\\\/style.hr\\\/hr_HR\\\/ipl-tretmani\\\/trajna-depilacija-osijek\\\/#primaryimage\",\"url\":\"https:\\\/\\\/style.hr\\\/wp-content\\\/uploads\\\/2023\\\/11\\\/style_IPL_03.jpg\",\"contentUrl\":\"https:\\\/\\\/style.hr\\\/wp-content\\\/uploads\\\/2023\\\/11\\\/style_IPL_03.jpg\",\"width\":1200,\"height\":800,\"caption\":\"IPL epilacija \\\/ trajna depilacija u kozmeti\u010dkom salonu Style u Osijeku\"},{\"@type\":\"BreadcrumbList\",\"@id\":\"https:\\\/\\\/style.hr\\\/hr_HR\\\/ipl-tretmani\\\/trajna-depilacija-osijek\\\/#breadcrumb\",\"itemListElement\":[{\"@type\":\"ListItem\",\"position\":1,\"name\":\"Po\u010detna stranica\",\"item\":\"https:\\\/\\\/style.hr\\\/hr_HR\\\/\"},{\"@type\":\"ListItem\",\"position\":2,\"name\":\"IPL Tretmani\",\"item\":\"https:\\\/\\\/style.hr\\\/hr_HR\\\/ipl-tretmani\\\/\"},{\"@type\":\"ListItem\",\"position\":3,\"name\":\"Trajna depilacija &#8211; Fotoepilacija\"}]},{\"@type\":\"WebSite\",\"@id\":\"https:\\\/\\\/style.hr\\\/hr_HR\\\/#website\",\"url\":\"https:\\\/\\\/style.hr\\\/hr_HR\\\/\",\"name\":\"Kozmeti\u010dki salon Style Osijek\",\"description\":\"IPL epilacija, permanentni make up, trajni lak, najam u\u010dionice u Osijeku\",\"potentialAction\":[{\"@type\":\"SearchAction\",\"target\":{\"@type\":\"EntryPoint\",\"urlTemplate\":\"https:\\\/\\\/style.hr\\\/hr_HR\\\/?s={search_term_string}\"},\"query-input\":{\"@type\":\"PropertyValueSpecification\",\"valueRequired\":true,\"valueName\":\"search_term_string\"}}],\"inLanguage\":\"hr\"}]}<\/script>\n<!-- \/ Yoast SEO plugin. -->","yoast_head_json":{"title":"Trajna depilacija fotoepilacija - Kozmeti\u010dki salon Style Osijek","description":"Trajna depilacija tj. trajno uklanjanje dla\u010dica radi se najnovijim IPL aparatom Yperion OrLight. Tretman je pogodan za \u017eene i mu\u0161karce.","robots":{"index":"index","follow":"follow","max-snippet":"max-snippet:-1","max-image-preview":"max-image-preview:large","max-video-preview":"max-video-preview:-1"},"canonical":"https:\/\/style.hr\/hr_HR\/ipl-tretmani\/trajna-depilacija-osijek\/","og_locale":"hr_HR","og_type":"article","og_title":"Trajna depilacija fotoepilacija - Kozmeti\u010dki salon Style Osijek","og_description":"Trajna depilacija tj. trajno uklanjanje dla\u010dica radi se najnovijim IPL aparatom Yperion OrLight. Tretman je pogodan za \u017eene i mu\u0161karce.","og_url":"https:\/\/style.hr\/hr_HR\/ipl-tretmani\/trajna-depilacija-osijek\/","og_site_name":"Kozmeti\u010dki salon Style Osijek","article_modified_time":"2023-11-16T07:51:10+00:00","og_image":[{"width":1200,"height":800,"url":"https:\/\/style.hr\/wp-content\/uploads\/2023\/11\/style_IPL_03.jpg","type":"image\/jpeg"}],"twitter_card":"summary_large_image","twitter_misc":{"Procijenjeno vrijeme \u010ditanja":"3 minute"},"schema":{"@context":"https:\/\/schema.org","@graph":[{"@type":"WebPage","@id":"https:\/\/style.hr\/hr_HR\/ipl-tretmani\/trajna-depilacija-osijek\/","url":"https:\/\/style.hr\/hr_HR\/ipl-tretmani\/trajna-depilacija-osijek\/","name":"Trajna depilacija fotoepilacija - Kozmeti\u010dki salon Style Osijek","isPartOf":{"@id":"https:\/\/style.hr\/hr_HR\/#website"},"primaryImageOfPage":{"@id":"https:\/\/style.hr\/hr_HR\/ipl-tretmani\/trajna-depilacija-osijek\/#primaryimage"},"image":{"@id":"https:\/\/style.hr\/hr_HR\/ipl-tretmani\/trajna-depilacija-osijek\/#primaryimage"},"thumbnailUrl":"https:\/\/style.hr\/wp-content\/uploads\/2023\/11\/style_IPL_03.jpg","datePublished":"2023-11-06T18:16:44+00:00","dateModified":"2023-11-16T07:51:10+00:00","description":"Trajna depilacija tj. trajno uklanjanje dla\u010dica radi se najnovijim IPL aparatom Yperion OrLight. Tretman je pogodan za \u017eene i mu\u0161karce.","breadcrumb":{"@id":"https:\/\/style.hr\/hr_HR\/ipl-tretmani\/trajna-depilacija-osijek\/#breadcrumb"},"inLanguage":"hr","potentialAction":[{"@type":"ReadAction","target":["https:\/\/style.hr\/hr_HR\/ipl-tretmani\/trajna-depilacija-osijek\/"]}]},{"@type":"ImageObject","inLanguage":"hr","@id":"https:\/\/style.hr\/hr_HR\/ipl-tretmani\/trajna-depilacija-osijek\/#primaryimage","url":"https:\/\/style.hr\/wp-content\/uploads\/2023\/11\/style_IPL_03.jpg","contentUrl":"https:\/\/style.hr\/wp-content\/uploads\/2023\/11\/style_IPL_03.jpg","width":1200,"height":800,"caption":"IPL epilacija \/ trajna depilacija u kozmeti\u010dkom salonu Style u Osijeku"},{"@type":"BreadcrumbList","@id":"https:\/\/style.hr\/hr_HR\/ipl-tretmani\/trajna-depilacija-osijek\/#breadcrumb","itemListElement":[{"@type":"ListItem","position":1,"name":"Po\u010detna stranica","item":"https:\/\/style.hr\/hr_HR\/"},{"@type":"ListItem","position":2,"name":"IPL Tretmani","item":"https:\/\/style.hr\/hr_HR\/ipl-tretmani\/"},{"@type":"ListItem","position":3,"name":"Trajna depilacija &#8211; Fotoepilacija"}]},{"@type":"WebSite","@id":"https:\/\/style.hr\/hr_HR\/#website","url":"https:\/\/style.hr\/hr_HR\/","name":"Kozmeti\u010dki salon Style Osijek","description":"IPL epilacija, permanentni make up, trajni lak, najam u\u010dionice u Osijeku","potentialAction":[{"@type":"SearchAction","target":{"@type":"EntryPoint","urlTemplate":"https:\/\/style.hr\/hr_HR\/?s={search_term_string}"},"query-input":{"@type":"PropertyValueSpecification","valueRequired":true,"valueName":"search_term_string"}}],"inLanguage":"hr"}]}},"jetpack_sharing_enabled":true,"_links":{"self":[{"href":"https:\/\/style.hr\/hr_HR\/wp-json\/wp\/v2\/pages\/91","targetHints":{"allow":["GET"]}}],"collection":[{"href":"https:\/\/style.hr\/hr_HR\/wp-json\/wp\/v2\/pages"}],"about":[{"href":"https:\/\/style.hr\/hr_HR\/wp-json\/wp\/v2\/types\/page"}],"author":[{"embeddable":true,"href":"https:\/\/style.hr\/hr_HR\/wp-json\/wp\/v2\/users\/1"}],"replies":[{"embeddable":true,"href":"https:\/\/style.hr\/hr_HR\/wp-json\/wp\/v2\/comments?post=91"}],"version-history":[{"count":24,"href":"https:\/\/style.hr\/hr_HR\/wp-json\/wp\/v2\/pages\/91\/revisions"}],"predecessor-version":[{"id":665,"href":"https:\/\/style.hr\/hr_HR\/wp-json\/wp\/v2\/pages\/91\/revisions\/665"}],"up":[{"embeddable":true,"href":"https:\/\/style.hr\/hr_HR\/wp-json\/wp\/v2\/pages\/69"}],"wp:featuredmedia":[{"embeddable":true,"href":"https:\/\/style.hr\/hr_HR\/wp-json\/wp\/v2\/media\/195"}],"wp:attachment":[{"href":"https:\/\/style.hr\/hr_HR\/wp-json\/wp\/v2\/media?parent=91"}],"curies":[{"name":"wp","href":"https:\/\/api.w.org\/{rel}","templated":true}]}}